{"id":90,"date":"2011-07-21T12:56:24","date_gmt":"2011-07-21T12:56:24","guid":{"rendered":"http:\/\/www.kapelagoralska.eu\/?page_id=90"},"modified":"2011-07-23T17:00:30","modified_gmt":"2011-07-23T17:00:30","slug":"msze-swiete","status":"publish","type":"page","link":"http:\/\/www.kapelagoralska.eu\/?page_id=90","title":{"rendered":"Msze \u015bwi\u0119te"},"content":{"rendered":"<p><strong><a href=\"http:\/\/www.kapelagoralska.eu\/wp-content\/uploads\/2011\/06\/Msza.jpg\"><img loading=\"lazy\" decoding=\"async\" class=\"alignright size-medium wp-image-101\" title=\"Msza\" src=\"http:\/\/www.kapelagoralska.eu\/wp-content\/uploads\/2011\/06\/Msza-300x225.jpg\" alt=\"\" width=\"300\" height=\"225\" srcset=\"http:\/\/www.kapelagoralska.eu\/wp-content\/uploads\/2011\/06\/Msza-300x225.jpg 300w, http:\/\/www.kapelagoralska.eu\/wp-content\/uploads\/2011\/06\/Msza-1024x768.jpg 1024w\" sizes=\"auto, (max-width: 300px) 100vw, 300px\" \/><\/a>Msze \u015bwi\u0119te w g\u00f3ralskiej oprawie<\/strong><\/p>\n<p>Obs\u0142ugujemy wszelkiego rodzaju uroczysto\u015bci ko\u015bcielne poczynaj\u0105c od\u00a0 \u015blub\u00f3w poprzez odpusty, do\u017cynki, procesje Bo\u017cego Cia\u0142a, Komunie \u015bwi\u0119te, bierzmowania, wizytacje biskupie, Msze jubileuszowe,\u00a0 pasterki i spotkania op\u0142atkowe, a na pogrzebach z g\u00f3ralsk\u0105 opraw\u0105 ko\u0144cz\u0105c.<\/p>\n<p>Zapewniamy kompleksow\u0105 obs\u0142ug\u0119 Mszy \u015bw. wraz ze \u015bpiewem psalmu i alleluja, oraz czytaniem lekcji w gwarze g\u00f3ralskiej, a je\u015bli to konieczne to r\u00f3wnie\u017c obs\u0142ug\u0119 cz\u0119\u015bci sta\u0142ych Mszy \u015bw. przez w\u0142asnego organist\u0119. W czasie Mszy \u015bw. wykorzystywane s\u0105 na podniesienie trombity pasterskie, kt\u00f3re w wyj\u0105tkowy spos\u00f3b podnosz\u0105 uczucie donios\u0142o\u015bci tej chwili.<\/p>\n<p>Po Mszy \u015bw. cz\u0119sto praktykowany jest kr\u00f3tszy b\u0105d\u017a d\u0142u\u017cszy koncert zwi\u0105zany tematycznie z dan\u0105 uroczysto\u015bci\u0105, jak np. koncert pod tytu\u0142em &#8222;Jan Pawe\u0142 II i g\u00f3rale&#8221;.<\/p>\n<p>Sk\u0142ad zespo\u0142u 6-20 os\u00f3b.<\/p>\n<p>Czas trwania od 1-3 godz.<\/p>\n<p>Nag\u0142o\u015bnienie i organy mog\u0105 by\u0107 w\u0142asne.<\/p>\n<p>&nbsp;<\/p>\n","protected":false},"excerpt":{"rendered":"<p>Msze \u015bwi\u0119te w g\u00f3ralskiej oprawie Obs\u0142ugujemy wszelkiego rodzaju uroczysto\u015bci ko\u015bcielne poczynaj\u0105c od\u00a0 \u015blub\u00f3w poprzez odpusty, do\u017cynki, procesje Bo\u017cego Cia\u0142a, Komunie \u015bwi\u0119te, bierzmowania, wizytacje biskupie, Msze jubileuszowe,\u00a0 pasterki i spotkania op\u0142atkowe, a na pogrzebach z g\u00f3ralsk\u0105 opraw\u0105 ko\u0144cz\u0105c. Zapewniamy kompleksow\u0105 obs\u0142ug\u0119 Mszy \u015bw. wraz ze \u015bpiewem psalmu i alleluja, oraz czytaniem lekcji w gwarze g\u00f3ralskiej, a [&hellip;]<\/p>\n","protected":false},"author":1,"featured_media":0,"parent":45,"menu_order":0,"comment_status":"closed","ping_status":"open","template":"","meta":{"footnotes":""},"class_list":["post-90","page","type-page","status-publish","hentry"],"_links":{"self":[{"href":"http:\/\/www.kapelagoralska.eu\/index.php?rest_route=\/wp\/v2\/pages\/90","targetHints":{"allow":["GET"]}}],"collection":[{"href":"http:\/\/www.kapelagoralska.eu\/index.php?rest_route=\/wp\/v2\/pages"}],"about":[{"href":"http:\/\/www.kapelagoralska.eu\/index.php?rest_route=\/wp\/v2\/types\/page"}],"author":[{"embeddable":true,"href":"http:\/\/www.kapelagoralska.eu\/index.php?rest_route=\/wp\/v2\/users\/1"}],"replies":[{"embeddable":true,"href":"http:\/\/www.kapelagoralska.eu\/index.php?rest_route=%2Fwp%2Fv2%2Fcomments&post=90"}],"version-history":[{"count":4,"href":"http:\/\/www.kapelagoralska.eu\/index.php?rest_route=\/wp\/v2\/pages\/90\/revisions"}],"predecessor-version":[{"id":111,"href":"http:\/\/www.kapelagoralska.eu\/index.php?rest_route=\/wp\/v2\/pages\/90\/revisions\/111"}],"up":[{"embeddable":true,"href":"http:\/\/www.kapelagoralska.eu\/index.php?rest_route=\/wp\/v2\/pages\/45"}],"wp:attachment":[{"href":"http:\/\/www.kapelagoralska.eu\/index.php?rest_route=%2Fwp%2Fv2%2Fmedia&parent=90"}],"curies":[{"name":"wp","href":"https:\/\/api.w.org\/{rel}","templated":true}]}}